{"id":211,"date":"2021-09-10T11:24:34","date_gmt":"2021-09-10T11:24:34","guid":{"rendered":"http:\/\/zastitazraka.imi.hr\/?page_id=211"},"modified":"2025-10-27T16:17:51","modified_gmt":"2025-10-27T16:17:51","slug":"program","status":"publish","type":"page","link":"https:\/\/zastitazraka.imi.hr\/en\/program\/","title":{"rendered":"PROGRAMME"},"content":{"rendered":"<div class=\"wp-block-group\"><div class=\"wp-block-group__inner-container is-layout-constrained wp-block-group-is-layout-constrained\"><div class=\"wp-block-image is-style-rounded\">\n<figure class=\"aligncenter size-full\"><img loading=\"lazy\" decoding=\"async\" width=\"2560\" height=\"1707\" src=\"http:\/\/zastitazraka.imi.hr\/wp-content\/uploads\/2025\/01\/zadar-1650570-scaled.jpg\" alt=\"\" class=\"wp-image-1273\" style=\"aspect-ratio:16\/9;object-fit:cover\" srcset=\"https:\/\/zastitazraka.imi.hr\/wp-content\/uploads\/2025\/01\/zadar-1650570-scaled.jpg 2560w, https:\/\/zastitazraka.imi.hr\/wp-content\/uploads\/2025\/01\/zadar-1650570-300x200.jpg 300w, https:\/\/zastitazraka.imi.hr\/wp-content\/uploads\/2025\/01\/zadar-1650570-1024x683.jpg 1024w, https:\/\/zastitazraka.imi.hr\/wp-content\/uploads\/2025\/01\/zadar-1650570-768x512.jpg 768w, https:\/\/zastitazraka.imi.hr\/wp-content\/uploads\/2025\/01\/zadar-1650570-1536x1024.jpg 1536w, https:\/\/zastitazraka.imi.hr\/wp-content\/uploads\/2025\/01\/zadar-1650570-2048x1365.jpg 2048w, https:\/\/zastitazraka.imi.hr\/wp-content\/uploads\/2025\/01\/zadar-1650570-18x12.jpg 18w\" sizes=\"auto, (max-width: 2560px) 100vw, 2560px\" \/><\/figure>\n<\/div>\n\n\n<div class=\"wp-block-group\"><div class=\"wp-block-group__inner-container is-layout-constrained wp-block-group-is-layout-constrained\">\n<h1 class=\"wp-block-heading\"><mark style=\"background-color:#03a9f4\" class=\"has-inline-color has-colibri-color-5-color\">Tuesday,&nbsp; 21<sup>st<\/sup> October<\/mark><\/h1>\n\n\n\n<p><strong><mark style=\"background-color:rgba(0, 0, 0, 0)\" class=\"has-inline-color has-colibri-color-4-color\">16:00 &#8211; 18:00<\/mark><\/strong>&nbsp;&nbsp; <strong><mark style=\"background-color:rgba(0, 0, 0, 0)\" class=\"has-inline-color has-colibri-color-4-color\">Registration and distribution of the conference materials<\/mark><\/strong><\/p>\n\n\n\n<h1 class=\"wp-block-heading\"><mark style=\"background-color:#03a9f4\" class=\"has-inline-color has-colibri-color-5-color\">Wednesday, 22<sup>nd<\/sup> October<\/mark><\/h1>\n\n\n\n<p><strong><mark style=\"background-color:rgba(0, 0, 0, 0)\" class=\"has-inline-color has-colibri-color-4-color\">09:00 &#8211; 10:00<\/mark><\/strong>&nbsp;&nbsp; <strong><mark style=\"background-color:rgba(0, 0, 0, 0)\" class=\"has-inline-color has-colibri-color-4-color\">Registration and distribution of the conference materials<\/mark><\/strong><\/p>\n\n\n\n<p><strong><mark style=\"background-color:rgba(0, 0, 0, 0)\" class=\"has-inline-color has-colibri-color-6-color\">10:00 &#8211; 11:00<\/mark><\/strong>&nbsp;&nbsp; <strong><mark style=\"background-color:#f79007\" class=\"has-inline-color has-colibri-color-6-color\">Opening ceremony<\/mark><\/strong><\/p>\n\n\n\n<p>\u2610 &nbsp;&nbsp;<mark style=\"background-color:#03a9f4\" class=\"has-inline-color has-colibri-color-6-color\"><strong>TOPIC 1: Air quality management<\/strong><\/mark><br><strong><mark style=\"background-color:rgba(0, 0, 0, 0)\" class=\"has-inline-color has-colibri-color-6-color\">11:00 &#8211; 11:30<\/mark><\/strong> <strong><mark style=\"background-color:rgba(0, 0, 0, 0)\" class=\"has-inline-color has-colibri-color-4-color\">INVITED LECTURE<\/mark><\/strong>: <mark style=\"background-color:rgba(0, 0, 0, 0)\" class=\"has-inline-color has-colibri-color-6-color\"><strong>Marija Opa\u010dak Eror<\/strong> and Marijana Matek Sari\u0107: AIR PROTECTION AND SUSTAINABLE TOURISM DEVELOPMENT: A REVIEW OF ECONOMIC METHODS<br><strong>11:30 &#8211; 11:45<\/strong> <strong>Lucia Bustin<\/strong>, Sebastian Harald Schmitt, Florian Dahlkoetter, Carsten Kykal, Oliver Felix Bischof, and Torsten Tritscher: CHARACTERIZATION OF INDIVIDUAL INSTRUMENTS FOR UFP MEASUREMENTS IN THE FRAMEWORK OF THE NEW EU AMBIENT AIR QUALITY DIRECTIVE<br><strong>11:45 &#8211; 12:00<\/strong> <strong>Ivana Grljak<\/strong> and Darijo Brzoja: BRIDGING THE GAP: EFFECTIVE AIR QUALITY COMMUNICATION IN THE AGE OF MISINFORMATION<\/mark><\/p>\n\n\n\n<p>\u2610&nbsp;&nbsp; <strong><mark style=\"background-color:#00bf87\" class=\"has-inline-color has-colibri-color-6-color\">Sponsor presentations<\/mark><\/strong><br><strong><mark style=\"background-color:rgba(0, 0, 0, 0)\" class=\"has-inline-color has-colibri-color-6-color\">12:00 &#8211; 12:15<\/mark><\/strong> <strong><mark style=\"background-color:rgba(0, 0, 0, 0)\" class=\"has-inline-color has-colibri-color-3-color\">SMART SENSE d.o.o.<\/mark><\/strong><br><strong><mark style=\"background-color:rgba(0, 0, 0, 0)\" class=\"has-inline-color has-colibri-color-6-color\">12:15 &#8211; 12:30<\/mark><\/strong> <strong><mark style=\"background-color:rgba(0, 0, 0, 0)\" class=\"has-inline-color has-colibri-color-3-color\">KOBIS d.o.o. za proizvodnju, trgovinu i usluge<\/mark><\/strong><\/p>\n\n\n\n<p>\u2610&nbsp;&nbsp; <strong><mark style=\"background-color:#f79007\" class=\"has-inline-color\">Lunch break<\/mark><\/strong><br><strong><mark style=\"background-color:rgba(0, 0, 0, 0)\" class=\"has-inline-color has-colibri-color-6-color\">12:30 &#8211; 13:30&nbsp;<\/mark><\/strong><\/p>\n\n\n\n<p>\u2610&nbsp;&nbsp; <strong><mark style=\"background-color:#03a9f4\" class=\"has-inline-color\">TOPIC 3: Ambient air pollution monitoring<\/mark><\/strong><br><strong>1<\/strong><mark style=\"background-color:rgba(0, 0, 0, 0)\" class=\"has-inline-color has-colibri-color-6-color\"><strong>3:30 &#8211; 13:45<\/strong> <strong>Darijo Brzoja<\/strong>, Mario Lovri\u0107, Valentino Petri\u0107, Bram Verbeek, Marko Kvaki\u0107, Vesna Gugec, Danica Kraljevi\u0107, Velimir Mili\u0107, Valentina Jagi\u0107, and Stipica \u0160ar\u010devi\u0107: LEVERAGING MACHINE LEARNING FOR COST-EFFECTIVE AIR QUALITY MONITORING: THE LIFE CityTRAQ CASE <br><strong>13:45 &#8211; 14:00<\/strong> <strong>Ivana Jakovljevi\u0107<\/strong>, Zdravka Sever \u0160trukil, and Gordana Pehnec: PAH CONCENTRATIONS AT AN URBAN TRAFFIC LOCATION IN CROATIA OVER FIVE YEARS<br><strong>14:00 &#8211; 14:15<\/strong> \u017deljko \u0106irovi\u0107, <strong>Danka B. Stojanovi\u0107<\/strong>, and Milena Jova\u0161evi\u0107-Stojanovi\u0107: ANALYSIS OF DIURNAL AND SEASONAL VARIATION OF ULTRAFINE PARTICLE SIZE DISTRIBUTION IN THE CITY OF BELGRADE, SERBIA <br><strong>14:15 &#8211; 14:30<\/strong> Bruna Mariani, <strong>Marin Vojkovi\u0107<\/strong>, Jadranka \u0160epi\u0107, and Marina Kranjac: SEASONAL VARIABILITY OF AIR POLLUTANTS AND THEIR RELATIONSHIP WITH METEOROLOGICAL CONDITIONS IN SPLIT, CROATIA<\/mark><\/p>\n\n\n\n<p>\u2610 &nbsp; <strong><mark style=\"background-color:#03a9f4\" class=\"has-inline-color has-colibri-color-6-color\">TOPIC 4: <strong>Machine learning and air quality modelling<\/strong><\/mark><\/strong><br><mark style=\"background-color:rgba(0, 0, 0, 0)\" class=\"has-inline-color has-colibri-color-6-color\"><strong>14:30 &#8211; 14:45<\/strong> <strong>Marko Kvaki\u0107<\/strong>, Angelo Riccio and Darijo Brzoja: IMPROVED REGIONAL AIR QUALITY FORECAST USING THE BAYESIAN SPATIO-TEMPORAL METHOD INLA-SPDE<br><strong>14:45 &#8211; 15:00<\/strong> <strong>Darko Mekterovi\u0107<\/strong>, Marija \u010cargonja, Domagoj Mateljak, Boris Mifka, and Robert Ple\u0161e: CONDITIONAL PROBABILITY FUNCTION WITH UNCERTAINTY ESTIMATES IN AIR POLLUTION RESEARCH<br><strong>15:00 &#8211; 15:15<\/strong> <strong>Velimir Mili\u0107,<\/strong> Vesna Gugec, and Darijo Brzoja: ESTIMATION OF DUST, FOREST FIRE AND SEA SALT CONTRIBUTIONS TO SURFACE CONCENTRATIONS OF PM<sub>10<\/sub> IN CROATIA<\/mark><\/p>\n\n\n\n<p>\u2610 &nbsp; <strong><mark style=\"background-color:#f79007\" class=\"has-inline-color has-colibri-color-6-color\">Coffee break<\/mark><\/strong><br><strong><mark style=\"background-color:rgba(0, 0, 0, 0)\" class=\"has-inline-color has-colibri-color-6-color\">15:15 &#8211; 15:45&nbsp;<\/mark><\/strong><\/p>\n\n\n\n<p>\u2610&nbsp;&nbsp; <strong><mark style=\"background-color:#03a9f4\" class=\"has-inline-color has-colibri-color-6-color\">TOPIC 2: Air pollution sources and emissions<\/mark><\/strong><br><mark style=\"background-color:rgba(0, 0, 0, 0)\" class=\"has-inline-color has-colibri-color-6-color\"><strong>15:45 &#8211; 16:00<\/strong> <strong>Ivan Be\u0161li\u0107<\/strong>, Domagoj Mihajlovi\u0107, and Vedran Va\u0111i\u0107: THE IMPACT OF WEATHER CONDITIONS ON AIR QUALITY IN THE AREA OF THE JAKU\u0160EVEC LANDFILL<br><strong>16:00 &#8211; 16:15<\/strong> <strong>Suzana Sop\u010di\u0107<\/strong>, Ranka Godec, and Gordana Pehnec: LEVOGLUCOSAN LEVELS IN THE PM<sub>1<\/sub> FRACTION AT AN URBAN SITE IN ZAGREB, CROATIA: A FIVE-YEAR TREND<br><strong>16:15 &#8211; 16:30<\/strong> <strong>Valentina Jagi\u0107<\/strong>, Vesna Gugec, Stipica \u0160ar\u010devi\u0107, Velimir Mili\u0107, and Darijo Brzoja: AIR QUALITY AND ENVIRONMENTAL ASPECTS OF MUNICIPAL WASTE MANAGEMENT IN THE CITY OF ZAGREB, CROATIA <\/mark><mark style=\"background-color:#00bf87\" class=\"has-inline-color has-colibri-color-4-color\"><strong>in Croatian<\/strong><\/mark><br><mark style=\"background-color:rgba(0, 0, 0, 0)\" class=\"has-inline-color has-colibri-color-6-color\"><strong>16:30 &#8211; 16:45<\/strong> <strong>Ivana Roksa<\/strong> and Monika Baba\u010di\u0107: REDUCTION OF SOLID PARTICLE EMISSIONS FROM BE-TO SISAK BY INSTALLATION OF AN ELECTROSTATIC PRECIPITATOR<\/mark> <mark style=\"background-color:rgba(0, 0, 0, 0)\" class=\"has-inline-color has-colibri-color-4-color\"> <mark style=\"background-color:#00bf87\" class=\"has-inline-color has-colibri-color-4-color\"><strong>in Croatian<\/strong><\/mark><\/mark><br><mark style=\"background-color:rgba(0, 0, 0, 0)\" class=\"has-inline-color has-colibri-color-6-color\"><strong>16:45 &#8211; 17:00<\/strong> <strong>Monika Baba\u010di\u0107<\/strong> and Ivana Roksa: CERTIFICATION OF BE-TO SISAK UNDER THE SURE SCHEME FOR PROVING THE USE OF SUSTAINABLE FOREST BIOMASS<\/mark> <mark style=\"background-color:rgba(0, 0, 0, 0)\" class=\"has-inline-color has-colibri-color-4-color\"> <mark style=\"background-color:#00bf87\" class=\"has-inline-color has-colibri-color-4-color\"><strong>in Croatian<\/strong><\/mark><\/mark><\/p>\n\n\n\n<h1 class=\"wp-block-heading\"><mark style=\"background-color:#03a9f4\" class=\"has-inline-color has-colibri-color-5-color\">Thursday, 23<sup>rd <\/sup>October<\/mark><\/h1>\n\n\n\n<p>\u2610 &nbsp;&nbsp;<mark style=\"background-color:#03a9f4\" class=\"has-inline-color has-colibri-color-6-color\"><strong>EFCA session \u201cMethane Time\u201d<\/strong><\/mark><br><strong><mark style=\"background-color:rgba(0, 0, 0, 0)\" class=\"has-inline-color has-colibri-color-6-color\">09:00 &#8211; 09:20<\/mark><\/strong> <strong><mark style=\"background-color:rgba(0, 0, 0, 0)\" class=\"has-inline-color has-colibri-color-4-color\">INVITED LECTURE<\/mark><\/strong>: <mark style=\"background-color:rgba(0, 0, 0, 0)\" class=\"has-inline-color has-colibri-color-6-color\"><strong>Andrzej Jagusiewicz:<\/strong> TARGETING METHANE<\/mark> <br><strong><mark style=\"background-color:rgba(0, 0, 0, 0)\" class=\"has-inline-color has-colibri-color-6-color\">09:20 &#8211; 09:45<\/mark><\/strong> <strong><mark style=\"background-color:rgba(0, 0, 0, 0)\" class=\"has-inline-color has-colibri-color-4-color\">INVITED LECTURE<\/mark><\/strong>:<mark style=\"background-color:rgba(0, 0, 0, 0)\" class=\"has-inline-color has-colibri-color-6-color\"> <strong>Iva Prgomet Ernst<\/strong>, Tatjana Obu\u010dina and Nino Male\u0161i\u0107: METHANE EMISSIONS AND NATIONAL INVENTORY REPORTING <\/mark><br><strong><mark style=\"background-color:rgba(0, 0, 0, 0)\" class=\"has-inline-color has-colibri-color-6-color\">09:45 &#8211; 10:10<\/mark><\/strong> <strong><mark style=\"background-color:rgba(0, 0, 0, 0)\" class=\"has-inline-color has-colibri-color-4-color\">INVITED LECTURE<\/mark><\/strong>: <mark style=\"background-color:rgba(0, 0, 0, 0)\" class=\"has-inline-color has-colibri-color-6-color\"><strong>Goran Ki\u0161<\/strong>: METHANE EMISSIONS FROM LIVESTOCK: SOURCES, IMPACT, AND MITIGATION STRATEGIES <\/mark><br><strong><mark style=\"background-color:rgba(0, 0, 0, 0)\" class=\"has-inline-color has-colibri-color-6-color\">10:10 &#8211; 10:35<\/mark><\/strong> <strong><mark style=\"background-color:rgba(0, 0, 0, 0)\" class=\"has-inline-color has-colibri-color-4-color\">INVITED LECTURE<\/mark><\/strong>:<mark style=\"background-color:rgba(0, 0, 0, 0)\" class=\"has-inline-color has-colibri-color-6-color\"> <mark style=\"background-color:rgba(0, 0, 0, 0)\" class=\"has-inline-color has-colibri-color-6-color\"><strong>Jacek Skiba<\/strong>: PREVENTING METHANE EMISSIONS FROM UNDERGROUND COAL MINES<\/mark><\/mark><br><mark style=\"background-color:rgba(0, 0, 0, 0)\" class=\"has-inline-color has-colibri-color-6-color\"><strong>10:35 &#8211; 11:00<\/strong> <\/mark><strong><mark style=\"background-color:rgba(0, 0, 0, 0)\" class=\"has-inline-color has-colibri-color-4-color\">INVITED LECTURE<\/mark><\/strong>: <mark style=\"background-color:rgba(0, 0, 0, 0)\" class=\"has-inline-color has-colibri-color-6-color\"><mark style=\"background-color:rgba(0, 0, 0, 0)\" class=\"has-inline-color has-colibri-color-6-color\"><strong>Martin Poulsen<\/strong>: VENTILATION AIR METHANE TREATMENT FOR UNDERGROUND COAL MINES<\/mark><\/mark><\/p>\n\n\n\n<p>\u2610&nbsp;&nbsp; <strong><mark style=\"background-color:#00bf87\" class=\"has-inline-color has-colibri-color-6-color\">Sponsor presentations<\/mark><\/strong><br><strong><mark style=\"background-color:rgba(0, 0, 0, 0)\" class=\"has-inline-color has-colibri-color-6-color\">11:00 &#8211; 11:15<\/mark><\/strong> <strong><mark style=\"background-color:rgba(0, 0, 0, 0)\" class=\"has-inline-color has-colibri-color-3-color\">Altium International d.o.o.<\/mark><\/strong><\/p>\n\n\n\n<p>\u2610 &nbsp; <strong><mark style=\"background-color:#f79007\" class=\"has-inline-color has-colibri-color-6-color\">Coffee break<\/mark><\/strong><br><strong><mark style=\"background-color:rgba(0, 0, 0, 0)\" class=\"has-inline-color has-colibri-color-6-color\">11:15 &#8211; 11:45&nbsp;<\/mark><\/strong><\/p>\n\n\n\n<p>\u2610&nbsp;&nbsp; <mark style=\"background-color:#03a9f4\" class=\"has-inline-color has-colibri-color-6-color\"><strong>TOPIC 7: Indoor air quality, energy efficiency and healthy buildings &#8211;<\/strong><\/mark><strong><mark style=\"background-color:#f79007\" class=\"has-inline-color has-colibri-color-6-color\"> <\/mark><mark style=\"background-color:#f79007\" class=\"has-inline-color has-colibri-color-4-color\">hybrid mode<\/mark><\/strong><br><strong><mark style=\"background-color:rgba(0, 0, 0, 0)\" class=\"has-inline-color has-colibri-color-6-color\">11:45 &#8211; 12:15<\/mark><\/strong> <strong><mark style=\"background-color:rgba(0, 0, 0, 0)\" class=\"has-inline-color has-colibri-color-4-color\">INVITED LECTURE<\/mark><\/strong>: <mark style=\"background-color:rgba(0, 0, 0, 0)\" class=\"has-inline-color has-colibri-color-6-color\">Ivan Notardonato, Mario Lovri\u0107, Alessandro Battaglia, Piergiorgio Cipriano, and <strong>Pasquale Avino<\/strong>: VOLATILE ORGANIC COMPOUNDS AND ALDEHYDIC COMPOUNDS: INDOOR\/OUTDOOR COMPARISON ACROSS DIFFERENT LIVING ENVIRONMENTS <strong><mark style=\"background-color:#f79007\" class=\"has-inline-color has-colibri-color-4-color\">online<\/mark><\/strong><br><strong>12:15 &#8211; 12:30 Tajana Horvat,<\/strong> Ivana Jakovljevi\u0107, and Gordana Pehnec: TOLUENE AS A COMMON VOLATILE ORGANIC COMPOUND IN HOMES: THE ZAGREB CITY AREA DURING TWO SEASONS <br><strong>12:30 &#8211; 12:45 Marija Jelena Lovri\u0107 \u0160tefi\u010dek<\/strong>, Silvije Davila, Gordana Pehnec, Goran Gajski, Ivan Be\u0161li\u0107, Luka Kazensky, Ivana Bani\u0107, and Mirjana Turkalj:&nbsp;A COMPARATIVE STATISTICAL ASSESSMENT OF PM<sub>1<\/sub> MASS CONCENTRATION VARIATION IN RESIDENTIAL ENVIRONMENTS IN ZAGREB, CROATIA <br><strong>12:45 &#8211; 13:00 Silva \u017du\u017eul,<\/strong> Marija Jelena Lovri\u0107 \u0160tefi\u010dek, Gordana Pehnec, and Ivan Be\u0161li\u0107:&nbsp;MICROPLASTICS IN THE INDOOR AIR OF ZAGREB HOUSEHOLDS <br><strong>13:00 &#8211; 13:15 Iva \u0160uni\u0107<\/strong>, Dubravka Hava\u0161 Augu\u0161tin, Jelena \u0160arac, Kristina Michl, Rasmus Riemer Jakobsen, and Mario Lovri\u0107: MICROBIAL COMPOSITION OF HOUSEHOLD DUST IN CROATIAN HOMES: FINDINGS FROM EDIAQI PROJECT<\/mark><strong> <mark style=\"background-color:#f79007\" class=\"has-inline-color has-colibri-color-4-color\">online<\/mark><\/strong><\/p>\n\n\n\n<p>\u2610&nbsp;&nbsp; <strong><mark style=\"background-color:#f79007\" class=\"has-inline-color\">Lunch break<\/mark><\/strong><br><strong><mark style=\"background-color:rgba(0, 0, 0, 0)\" class=\"has-inline-color has-colibri-color-6-color\">13:15 &#8211; 14:00&nbsp;<\/mark><\/strong><\/p>\n\n\n\n<p>\u2610&nbsp;&nbsp; <mark style=\"background-color:#03a9f4\" class=\"has-inline-color has-colibri-color-6-color\"><strong>TOPIC 7: Indoor air quality, energy efficiency and healthy buildin<\/strong><\/mark><strong><mark style=\"background-color:#03a9f4\" class=\"has-inline-color\">gs &#8211;<\/mark><mark style=\"background-color:#f79007\" class=\"has-inline-color has-colibri-color-4-color\"> hybrid mode<\/mark><\/strong><br><mark style=\"background-color:rgba(0, 0, 0, 0)\" class=\"has-inline-color has-colibri-color-6-color\"><strong>14:00 &#8211; 14:15 Daniela Dejaco <\/strong>and<strong> Heimo Gursch<\/strong>: DATA QUALITY AND INDOOR AIR QUALITY TOOLS FOR CROSS-EUROPEAN COMPARISON<br><strong>14:15 &#8211; 14:30 Valentino Petri\u0107<\/strong>, Dejan Strbad, Nikolina Ra\u010di\u0107, Francesco Mureddu, and Mario Lovri\u0107: HYBRID DIGITAL TWIN FRAMEWORK FOR REAL-TIME INDOOR AIR QUALITY MONITORING AND FILTRATION OPTIMIZATION<\/mark> <mark style=\"background-color:#f79007\" class=\"has-inline-color has-colibri-color-4-color\"><strong>online<\/strong><\/mark><br><mark style=\"background-color:rgba(0, 0, 0, 0)\" class=\"has-inline-color has-colibri-color-6-color\"><strong>14:30 &#8211; 14:45 Jose Fermoso<\/strong>, Alicia Aguado, Sandra Rodr\u00edguez-Sufuentes, Rub\u00e8n Gonz\u00e1lez-Colom, Josep Roca, Alba G\u00f3mez-L\u00f3pez, Benigno S\u00e1nchez, Alberto Rodr\u00edguez L\u00f3pez, Mar\u00eda Figols, Manel Sanz, and Felipe L\u00f3pez: HOSPITAL IAQ ASSESSMENT USING A HYBRID MONITORING STRATEGY: CONTINUOUS LOW-COST SENSING AND TARGETED SAMPLING AT HOSPITAL CL\u00cdNIC DE BARCELONA. K-HEALTHinAIR PROJECT. <\/mark><mark style=\"background-color:#f79007\" class=\"has-inline-color has-colibri-color-4-color\"><strong>online<\/strong><\/mark><br><mark style=\"background-color:rgba(0, 0, 0, 0)\" class=\"has-inline-color has-colibri-color-6-color\"><strong>14:45 &#8211; 15:00 Stavroula Katsikari,<\/strong> Vassiliki Vassilatou, Konstantinos Granakis, Raquel Pimenta, Ketlyn Oliveira, Susana Marta Almeida, Drew Henderson, Robert Ferguson, Heidi Salonen, Konstantinos Eleftheriadis, and Evangelia Diapouli: CHARACTERIZATION OF ULTRAFINE PARTICLE NUMBER CONCENTRATION AND SIZE DISTRIBUTION IN MICROENVIRONMENTS CRITICAL TO CHILDREN\u2019S EXPOSURE ACROSS DIFFERENT EUROPEAN COUNTRIES<\/mark> <mark style=\"background-color:#f79007\" class=\"has-inline-color has-colibri-color-4-color\"><strong>online<\/strong><\/mark><br><mark style=\"background-color:rgba(0, 0, 0, 0)\" class=\"has-inline-color has-colibri-color-6-color\"><strong>15:00 &#8211; 15:15 Pedro Pena<\/strong>, Renata Cervantes, and Carla Viegas: PRELIMINARY ASSESSMENT OF MICROBIAL CONTAMINATION FROM WINTER SAMPLING CAMPAIGN IN PORTUGUESE ELEMENTARY SCHOOL<\/mark> <mark style=\"background-color:#f79007\" class=\"has-inline-color has-colibri-color-4-color\"><strong>online<\/strong><\/mark><br><mark style=\"background-color:rgba(0, 0, 0, 0)\" class=\"has-inline-color has-colibri-color-6-color\"><strong>15:15 &#8211; 15:30&nbsp;Grigoris Protopsaltis<\/strong>, Chris Mountzouris, John Gialelis: REINFORCEMENT LEARNING-BASED AIR PURIFICATION CONTROL FOR ENHANCED INDOOR AIR QUALITY<\/mark> <mark style=\"background-color:#f79007\" class=\"has-inline-color has-colibri-color-4-color\"><strong>online<\/strong><\/mark><\/p>\n\n\n\n<p>\u2610 &nbsp; <strong><mark style=\"background-color:#f79007\" class=\"has-inline-color has-colibri-color-6-color\">Coffee break<\/mark><\/strong><br><strong><mark style=\"background-color:rgba(0, 0, 0, 0)\" class=\"has-inline-color has-colibri-color-6-color\">15:30 &#8211; 15:45<\/mark><\/strong><\/p>\n\n\n\n<p>\u2610\u00a0\u00a0 <strong><mark style=\"background-color:#6632ff\" class=\"has-inline-color has-colibri-color-5-color\">Poster session<\/mark> <\/strong><br><strong><mark style=\"background-color:rgba(0, 0, 0, 0)\" class=\"has-inline-color has-colibri-color-6-color\">15:30 &#8211; 17:00<\/mark><\/strong><br><strong><mark style=\"background-color:#03a9f4\" class=\"has-inline-color has-colibri-color-6-color\">EnvironPollutHealth<\/mark><mark style=\"background-color:#FFFFFF\" class=\"has-inline-color has-colibri-color-6-color\"> <\/mark><\/strong><br><mark style=\"background-color:#FFFFFF\" class=\"has-inline-color has-colibri-color-6-color\">(Environment Pollution and Human Health: Physico-Chemical Analysis, Toxicity, and Machine Learning Models) &#8211; <strong>project presentation<\/strong><\/mark><br><mark style=\"background-color:#03a9f4\" class=\"has-inline-color has-colibri-color-6-color\"><strong>TOPIC 1: Air quality management<\/strong><\/mark><br><mark style=\"background-color:rgba(0, 0, 0, 0)\" class=\"has-inline-color has-colibri-color-6-color\">1. <strong>Nata\u0161a Bel\u0161ak \u0160el<\/strong>, Matja\u017e Mlinari\u010d, and Uro\u0161 Le\u0161nik: ASSESSMENT OF AIR QUALITY IN RURAL AREA OF PTUJ MUNICIPALITY, SLOVENIA, FROM 2020 TO 2024 <br>2. <strong>Marko Mari\u0107<\/strong>, Danijel Grgec, \u017delimira Cvetkovi\u0107, and Jasna Bo\u0161nir: ECOLOGICAL MAP OF THE CITY OF ZAGREB <\/mark><br><strong><mark style=\"background-color:#03a9f4\" class=\"has-inline-color has-colibri-color-6-color\">TOPIC 2: Air pollution sources and emissions<\/mark><\/strong><br><mark style=\"background-color:rgba(0, 0, 0, 0)\" class=\"has-inline-color has-colibri-color-6-color\">3. <strong>Nikolina Ra\u010di\u0107<\/strong>, Mario Lovri\u0107, Gordana Pehnec, Ivana Jakovljevi\u0107, Zdravka Sever \u0160trukil, Silva \u017du\u017eul, and Jasmina Rinkovec: USING EXPLAINABLE MACHINE LEARNING TO UNDERSTAND WHAT AFFECTS PAHs AND HEAVY METALS IN PM<sub>10<\/sub> PARTICLES<br>4. Petar Uremovi\u0107, Zoran Kova\u010devi\u0107, <strong>Petar Maruna<\/strong>, and Luka Lu\u010di\u0107: MEASURING CHARACTERISTIC ODOURS, DISTINCTIONS, AND APPLICATION OF HRN EN 13725 AND HRN EN 16841 STANDARDS <\/mark><br><strong><mark style=\"background-color:#03a9f4\" class=\"has-inline-color\">TOPIC 3: Ambient air pollution monitoring<\/mark><\/strong><br><mark style=\"background-color:rgba(0, 0, 0, 0)\" class=\"has-inline-color has-colibri-color-6-color\">5. <strong>Dario Dabi\u0107,<\/strong> Goran Puri\u0107, and Ksenija Kuna TRENDS IN DAILY MEAN CONCENTRATIONS OF PM<sub>2.5<\/sub> AND PM<sub>10<\/sub> AT THE PUNTIJARKA MONITORING STATION (2022\u20132025) <br>6. <strong>Renata Kova\u010devi\u0107<\/strong>, Bojan Radovi\u0107, Vi\u0161a Tasi\u0107, Tatjana Apostolovski Truji\u0107, Tamara Uro\u0161evi\u0107, Du\u0161ka Kleut, and Milena Jova\u0161evi\u0107-Stojanovi\u0107: LEVELS OF AIRBORNE METALS IN URBAN AIR DRIVEN BY DIFFERENT ANTHROPOGENIC SOURCES: BOR AND BELGRADE <br>7. <strong>Uro\u0161 Le\u0161nik<\/strong> and Jan Radanovi\u0107: RESULTS OF AIR QUALITY MEASUREMENTS IN THE MEASUREMENT NETWORK OF MARIBOR, SLOVENIA, AND NEIGHBORING MUNICIPALITIES <br>8. <strong>Ivona Miki\u0107<\/strong>, Valentina Glu\u0161\u010di\u0107, Ivan Be\u0161li\u0107, and Gordana Pehnec: INSIGHT INTO SEASONAL VARIATIONS OF WATER-SOLUBLE INORGANIC IONS IN PM<sub>2.5<\/sub> AT A RURAL BACKGROUND SITE <br>9. <strong>Zdravka Sever \u0160trukil<\/strong>, Ivana Jakovljevi\u0107, Gordana Pehnec, and Ivan Be\u0161li\u0107: POLYCYCLIC AROMATIC HYDROCARBONS IN AIR OF SPLIT AND PLITVICE LAKES <br>10. <strong>Vedran Va\u0111i\u0107<\/strong>, Predrag Hercog, and Bojan Abramovi\u0107: AIR QUALITY MONITORING AT WASTE MANAGEMENT CENTRE BILJANE DONJE<\/mark><br><strong><mark style=\"background-color:#03a9f4\" class=\"has-inline-color has-colibri-color-6-color\">TOPIC 4: <strong>Machine learning and air quality modelling<\/strong><\/mark><\/strong><br><mark style=\"background-color:rgba(0, 0, 0, 0)\" class=\"has-inline-color has-colibri-color-6-color\">11. <strong>Vesna Gugec<\/strong>, Stipica \u0160ar\u010devi\u0107, Valentina Jagi\u0107,Velimir Mili\u0107, and Darijo Brzoja: PROJECTION OF THE IMPACT OF AIR POLLUTION FROM THERMAL TREATMENT OF WASTE USING THE ADMS 6 DISPERSION MODEL <br>12. <strong>Snje\u017eana Herceg-Romani\u0107<\/strong>, Silvije Davila, Ivan Be\u0161li\u0107, Gordana Pehnec, Gordana Jovanovi\u0107, Mirjana Peri\u0161i\u0107, and Andreja Stoji\u0107: REVEALING THE IMPACT OF TEMPERATURE ON URBAN BENZENE USING EXPLAINABLE AI METHODOLOGIES <br>13. <strong>Gordana Jovanovi\u0107<\/strong>, Snje\u017eana Herceg-Romani\u0107, Silvije Davila, Ivan Be\u0161li\u0107, Gordana Pehnec, Timea Bezdan, Mirjana Peri\u0161i\u0107, and Andreja Stoji\u0107: ADVANCED AI APPROACHES FOR UNDERSTANDING BENZENE POLLUTION IN URBAN ATMOSPHERE <br>14. <strong>Stipica \u0160ar\u010devi\u0107<\/strong>, Velimir Mili\u0107, Vedrana D\u017eaja Grgi\u010din, Marina Skender, Darijo Brzoja, Vesna Gugec, Valentina Jagi\u0107, and Marko Kvaki\u0107: LOTOS-EUROS CHEMICAL TRANSPORT MODEL-BASED ASSESSMENT OF THE SPATIAL REPRESENTATIVENESS IN THE CROATIAN AIR QUALITY MONITORING NETWORK <\/mark><br><strong><mark style=\"background-color:#03a9f4\" class=\"has-inline-color has-colibri-color-6-color\">TOPIC 5: Developing and testing measuring methods<\/mark><\/strong><br><mark style=\"background-color:rgba(0, 0, 0, 0)\" class=\"has-inline-color has-colibri-color-6-color\">15. <strong>Darijo Brzoja<\/strong>, Bram Verbeek, Marko Kvaki\u0107, Vesna Gugec, Danica Kraljevi\u0107, Velimir Mili\u0107, Valentina Jagi\u0107, and Stipica \u0160ar\u010devi\u0107: EVALUATING LOW-COST AIR QUALITY SENSORS IN URBAN ENVIRONMENTS: INSIGHTS FROM THE LIFE CityTRAQ PROJECT<\/mark><br><mark style=\"background-color:rgba(0, 0, 0, 0)\" class=\"has-inline-color has-colibri-color-6-color\">16.<\/mark> <mark style=\"background-color:rgba(0, 0, 0, 0)\" class=\"has-inline-color has-colibri-color-6-color\"><strong>Ranka Godec<\/strong>, Helena Prskalo, Marija Jelena Lovri\u0107 \u0160tefi\u010dek, Kre\u0161imir \u0160ega, and Gordana Pehnec: COMPARING BLACK CARBON AND ELEMENTAL CARBON MASS CONCENTRATIONS: METHODOLOGICAL SIMILARITIES AND DIFFERENCES <br>17. <strong>Branko Petrinec<\/strong>, Tomislav Me\u0161trovi\u0107, Luka Paveli\u0107, and Dinko Babi\u0107 DEVELOPMENT AND IMPLEMENTATION OF HYBRID GAMMA-RAY SPECTROMETRY METHODS FOR ENHANCING THE CAPACITY OF ENVIRONMENTAL RADIOLOGICAL MONITORING AROUND NUCLEAR POWER PLANTS <\/mark><br><strong><mark style=\"background-color:#03a9f4\" class=\"has-inline-color has-colibri-color-6-color\">TOPIC 6: Health impacts of air pollution<\/mark><\/strong><br><mark style=\"background-color:rgba(0, 0, 0, 0)\" class=\"has-inline-color has-colibri-color-6-color\">18. Katja Kolo\u0161a, Tim Ravnjak, Eva Kanalec, Sonja \u017dabkar, Luka Kazensky, Goran Gajski, and <strong>Bojana \u017degura<\/strong>: GENOTOXIC POTENTIAL OF BENZO[a]PYRENE (B[a]P) AND DIBENZO[a,h]ANTHRACENE (D[a,h]A) IN HUMAN HEPATOCELLULAR SPHEROID MODEL\u00a0 <br>19. Matja\u017e Novak, Martina \u0160tampar, Alja \u0160tern, Michael J. Burgum, Gillian E. Conway, Goran Gajski, Shareen H. Doak, and <strong>Bojana \u017degura<\/strong>: ASSESSMENT OF GENOTOXIC AND INFLAMMATORY RESPONSES TO BENZO[b]FLUORANTHENE AND BENZO[g,h,i]PERYLENE IN A CO-CULTURE LUNG MODEL AT THE PSEUDO-AIR-LIQUID INTERFACE <\/mark><br><mark style=\"background-color:#03a9f4\" class=\"has-inline-color has-colibri-color-6-color\"><strong>TOPIC 7: Indoor air quality, energy efficiency and healthy buildings<\/strong><\/mark><br><mark style=\"background-color:rgba(0, 0, 0, 0)\" class=\"has-inline-color has-colibri-color-6-color\">20. <strong>Ivan Pavi\u010di\u0107<\/strong>: DETECTION OF ASBESTOS IN THE SHIP\u2019S INTERIOR <\/mark><br><strong><mark style=\"background-color:#03a9f4\" class=\"has-inline-color has-colibri-color-6-color\">TOPIC 8: Climate and environmental impacts of air pollution<\/mark><\/strong><br><mark style=\"background-color:rgba(0, 0, 0, 0)\" class=\"has-inline-color has-colibri-color-6-color\">21. <strong>\u017delimira Cvetkovi\u0107<\/strong>,\u00a0Ivana \u0106osi\u0107,\u00a0 Ksenija Kuna, Danijel Grgec, Marko Mari\u0107, Jadranka \u0160kevin-Sovi\u0107, and Jasna Bo\u0161nir: THE INFLUENCE OF INORGANIC COMPOUNDS IN PRECIPITATION ON TOTAL DEPOSITED MATTER \u2013 A CASE STUDY FROM ZAGREB, CROATIA <br>22. <strong>Gordana Sin\u010di\u0107 Modri\u0107<\/strong>, Tamara Cirkovi\u0107, Goran Crvelin: TOTAL DEPOSITED MATTER AS AN INDICATOR OF AIR QUALITY: MONITORING RESULTS IN THE CITY OF RIJEKA, CROATIA, IN 2024<\/mark><\/p>\n\n\n\n<p>\u2610&nbsp;&nbsp;<mark style=\"background-color:rgba(0, 0, 0, 0)\" class=\"has-inline-color has-colibri-color-6-color\"> <\/mark><strong><mark style=\"background-color:#6632ff\" class=\"has-inline-color has-colibri-color-5-color\">Conference dinner<\/mark><\/strong><br><strong><mark style=\"background-color:rgba(0, 0, 0, 0)\" class=\"has-inline-color has-colibri-color-6-color\">20:00 &#8211; 24:00<\/mark><\/strong><\/p>\n\n\n\n<h1 class=\"wp-block-heading\"><mark style=\"background-color:#03a9f4\" class=\"has-inline-color has-colibri-color-5-color\">Friday, 24<sup>th<\/sup> October<\/mark><\/h1>\n\n\n\n<p>\u2610&nbsp;&nbsp; <strong><mark style=\"background-color:#03a9f4\" class=\"has-inline-color has-colibri-color-6-color\">IUAPPA session<\/mark><mark style=\"background-color:#03a9f4\" class=\"has-inline-color has-colibri-color-4-color\"> &#8211;<\/mark><mark style=\"background-color:#f79007\" class=\"has-inline-color has-colibri-color-4-color\"> hybrid mode<\/mark><\/strong><br><strong><mark style=\"background-color:rgba(0, 0, 0, 0)\" class=\"has-inline-color has-colibri-color-6-color\">09:00 &#8211; 09:30<\/mark><\/strong> <strong><mark style=\"background-color:rgba(0, 0, 0, 0)\" class=\"has-inline-color has-colibri-color-4-color\">INVITED LECTURE<\/mark><\/strong>: <mark style=\"background-color:rgba(0, 0, 0, 0)\" class=\"has-inline-color has-colibri-color-6-color\"><strong>Rajasekhar Balasubramanian<\/strong>: MITIGATION OF BLACK CARBON EMISSIONS IN SOUTHEAST ASIA<\/mark> <mark style=\"background-color:#f79007\" class=\"has-inline-color has-colibri-color-4-color\"><strong>online<\/strong><\/mark><br><strong><mark style=\"background-color:rgba(0, 0, 0, 0)\" class=\"has-inline-color has-colibri-color-6-color\">09:30 &#8211; 10:00<\/mark><\/strong> <strong><mark style=\"background-color:rgba(0, 0, 0, 0)\" class=\"has-inline-color has-colibri-color-4-color\">INVITED LECTURE<\/mark><\/strong>: <mark style=\"background-color:rgba(0, 0, 0, 0)\" class=\"has-inline-color has-colibri-color-6-color\"><strong>Kim Oanh Nguyen<\/strong>: BIOMASS OPEN BURNING IN SOUTHEAST ASIA: EMISSIONS AND MULTIPLE EFFECTS<\/mark> <mark style=\"background-color:#f79007\" class=\"has-inline-color has-colibri-color-4-color\"><strong>online<\/strong><\/mark><br><mark style=\"background-color:rgba(0, 0, 0, 0)\" class=\"has-inline-color has-colibri-color-6-color\"><strong>10:00 &#8211; 10:30<\/strong> <\/mark><strong><mark style=\"background-color:rgba(0, 0, 0, 0)\" class=\"has-inline-color has-colibri-color-4-color\">INVITED LECTURE<\/mark><\/strong>: <mark style=\"background-color:rgba(0, 0, 0, 0)\" class=\"has-inline-color has-colibri-color-6-color\">Sohyun Jeon, Seoyeon Moon, Jihu Lee, and <strong>Young Sunwoo<\/strong>: AN AIR POLLUTION POLICY DILEMMA &#8211; OZONE CONCENTRATION CHANGES UNDER AIR QUALITY POLICY IMPLEMENTATION BASED ON NATIONAL CLIMATE CHANGE PROJECTIONS IN KOREA<\/mark><br><strong><mark style=\"background-color:rgba(0, 0, 0, 0)\" class=\"has-inline-color has-colibri-color-6-color\">10:30 &#8211; 11:00<\/mark><\/strong> <strong><mark style=\"background-color:rgba(0, 0, 0, 0)\" class=\"has-inline-color has-colibri-color-4-color\">INVITED LECTURE<\/mark><\/strong>: <mark style=\"background-color:rgba(0, 0, 0, 0)\" class=\"has-inline-color has-colibri-color-6-color\"><strong>John Murlis<\/strong>: IMPLEMENTING AIR PROTECTION POLICY: AMBITION AND ACHIEVEMENT<\/mark><br><mark style=\"background-color:rgba(0, 0, 0, 0)\" class=\"has-inline-color has-colibri-color-6-color\"><strong>11:00 &#8211; 11:30<\/strong> <\/mark><strong><mark style=\"background-color:rgba(0, 0, 0, 0)\" class=\"has-inline-color has-colibri-color-4-color\">INVITED LECTURE<\/mark><\/strong>: <mark style=\"background-color:rgba(0, 0, 0, 0)\" class=\"has-inline-color has-colibri-color-6-color\"><strong>Selahattin Incecik<\/strong>: POTENTIAL IMPACTS ON AIR POLLUTANTS AND FUTURE CLIMATE IN SOUTHEAST ASIA<\/mark><\/p>\n\n\n\n<p>\u2610 &nbsp; <strong><mark style=\"background-color:#f79007\" class=\"has-inline-color has-colibri-color-6-color\">Coffee break<\/mark><\/strong><br><strong><mark style=\"background-color:rgba(0, 0, 0, 0)\" class=\"has-inline-color has-colibri-color-6-color\">11:30 &#8211; 12:00&nbsp;<\/mark><\/strong><\/p>\n\n\n\n<p>\u2610&nbsp;&nbsp; <strong><mark style=\"background-color:#03a9f4\" class=\"has-inline-color has-colibri-color-6-color\">TOPIC 5: Developing and testing measuring methods<\/mark><\/strong><br><mark style=\"background-color:rgba(0, 0, 0, 0)\" class=\"has-inline-color has-colibri-color-6-color\"><strong>12:00 &#8211; 12:15 Silvije Davila<\/strong>, Marija Jelena Lovri\u0107 \u0160tefi\u010dek, and Ivan Be\u0161li\u0107: FIELD CALIBRATION OF SENSORS FOR PARTICULATE MATTER <br><strong>12:15 &#8211; 12:30 <\/strong><mark style=\"background-color:rgba(0, 0, 0, 0)\" class=\"has-inline-color has-colibri-color-6-color\"><strong>Predrag Hercog<\/strong>, Mario \u0160antoli\u0107, Mirela Poljanac, and Vedran Va\u0111i\u0107: SOME IMPORTANT DIFERENCES BETWEEN OLD AND NEW CROATIAN STANDARDS FOR AMBIENT AIR QUALITY&nbsp; <\/mark><br><strong>12:30 &#8211; 12:45 <\/strong><mark style=\"background-color:rgba(0, 0, 0, 0)\" class=\"has-inline-color has-colibri-color-6-color\">Mihriban Civan, Demet Arslanba\u015f, Abdulmounem Alchekh Wis, Hilal Y\u0131lmaz, Ubaidullah Habibi, and <strong>Serpil Yenisoy<\/strong>: A MODIFIED DIGESTION-EXTRACTION PROTOCOL FOR MICRO(NANO)PLASTIC DETECTION IN ENVIRONMENTAL AND FOOD MATRICES<\/mark><\/mark><\/p>\n\n\n\n<p>\u2610&nbsp;&nbsp; <strong><mark style=\"background-color:#f79007\" class=\"has-inline-color\">Lunch break<\/mark><\/strong><br><strong><mark style=\"background-color:rgba(0, 0, 0, 0)\" class=\"has-inline-color has-colibri-color-6-color\">12:45 &#8211; 14:00&nbsp;<\/mark><\/strong><\/p>\n\n\n\n<p>\u2610   <strong><mark style=\"background-color:#03a9f4\" class=\"has-inline-color has-colibri-color-6-color\">TOPIC 6: Health impacts of air pollution<\/mark><\/strong><br><mark style=\"background-color:rgba(0, 0, 0, 0)\" class=\"has-inline-color has-colibri-color-6-color\"><strong>14:00 &#8211; 14:15<\/strong> <strong>Gordana Pehnec<\/strong>, Ivana Jakovljevi\u0107, Zdravka Sever \u0160trukil, Silvije Davila, Marko Geri\u0107, Katarina Matkovi\u0107, Mandica Sankovi\u0107, Antun \u0160umanovac, and Goran Gajski: GENOTOXIC POTENTIAL OF PAHs BOUND TO PARTICULATE MATTER IN AMBIENT AIR AT DIFFERENT LOCATIONS IN CROATIA<br><strong>14:15 &#8211; 14:30 Jasmina Rinkovec<\/strong>, Silva \u017du\u017eul, Magdalena Vinceti\u0107, and Gordana Pehnec: HEALTH RISK ASSESSMENT OF HEAVY METALS EXPOSURE IN THE AMBIENT AIR OF ZAGREB, CROATIA<\/mark><\/p>\n\n\n\n<p>\u2610&nbsp;&nbsp; <strong><mark style=\"background-color:#03a9f4\" class=\"has-inline-color has-colibri-color-6-color\">TOPIC 8: Climate and environmental impacts of air pollution<\/mark><\/strong><br><mark style=\"background-color:rgba(0, 0, 0, 0)\" class=\"has-inline-color has-colibri-color-6-color\"><strong>14:30 &#8211; 14:45 \u017deljka Zgorelec<\/strong>, Gordana Pehnec, Aleksandra Per\u010din, Marija Gali\u0107, Iva Hrelja, and Jasmina Rinkovec: PLATINUM GROUP ELEMENTS IN THE URBAN ENVIRONMENT (SOIL, PLANTS AND AIR) OF ZAGREB, CROATIA<br><strong>14:45 &#8211; 15:00 Anita Vuci\u0107<\/strong>, Predrag Ili\u0107, Sonja Kralj, Danijela Pero\u0161 &#8211; Pucar, Katarina Buk\u0161a, Sanja Baji\u0107, Silvana Ra\u010di\u0107 Mili\u0161i\u0107, and Kasim Agovi\u0107: AllerShield: STRENGTHENING CROSSBORDER SOLUTIONS FOR MANAGING ALLERGENIC PLANTS AND ENHANCING CLIMATE RESILIENCE<br><strong>15:00 &#8211; 15:15 Ana Alebi\u0107-Jureti\u0107<\/strong>: IMPACTS OF CLIMATE CHANGE IN THE CITY OF RIJEKA, CROATIA<\/mark><\/p>\n\n\n\n<p>\u2610 &nbsp; <strong><mark style=\"background-color:#f79007\" class=\"has-inline-color has-colibri-color-6-color\">Coffee break<\/mark><\/strong><br><strong><mark style=\"background-color:rgba(0, 0, 0, 0)\" class=\"has-inline-color has-colibri-color-6-color\">15:15 &#8211; 15:30&nbsp;<\/mark><\/strong><\/p>\n\n\n\n<p>\u2610&nbsp;&nbsp; <strong><mark style=\"background-color:#f9ee04\" class=\"has-inline-color has-colibri-color-4-color\">Round table<\/mark><mark style=\"background-color:rgba(0, 0, 0, 0)\" class=\"has-inline-color has-colibri-color-2-color\"> <\/mark><\/strong><mark style=\"background-color:rgba(0, 0, 0, 0)\" class=\"has-inline-color has-colibri-color-4-color\"><mark style=\"background-color:#00bf87\" class=\"has-inline-color has-colibri-color-4-color\"><strong>in Croatian<\/strong><\/mark><\/mark><br><strong><mark style=\"background-color:rgba(0, 0, 0, 0)\" class=\"has-inline-color has-colibri-color-6-color\">15:30 &#8211; 16:30&nbsp;<\/mark><\/strong><\/p>\n\n\n\n<p>\u2610 &nbsp; <strong><mark style=\"background-color:#f79007\" class=\"has-inline-color has-colibri-color-6-color\">Closing ceremony<\/mark><\/strong><br><strong><mark style=\"background-color:rgba(0, 0, 0, 0)\" class=\"has-inline-color has-colibri-color-6-color\">16:30 &#8211; 17:00<\/mark><\/strong><\/p>\n\n\n\n<h1 class=\"wp-block-heading\"><mark style=\"background-color:#03a9f4\" class=\"has-inline-color has-colibri-color-5-color\">Saturday, 25<sup>th<\/sup> OCTOBER<\/mark><\/h1>\n\n\n\n<p>\u2610&nbsp; <strong><mark style=\"background-color:#6632ff\" class=\"has-inline-color has-colibri-color-5-color\">Excursion<\/mark><\/strong><br><strong><mark style=\"background-color:rgba(0, 0, 0, 0)\" class=\"has-inline-color has-colibri-color-6-color\">08:30 &#8211; 15:30<\/mark><\/strong><\/p>\n\n\n\n<div class=\"wp-block-buttons is-layout-flex wp-block-buttons-is-layout-flex\">\n<div class=\"wp-block-button\"><a class=\"wp-block-button__link wp-element-button\" href=\"http:\/\/zastitazraka.imi.hr\/wp-content\/uploads\/2025\/10\/programme.pdf\">PROGRAMME<\/a><\/div>\n<\/div>\n<\/div><\/div>\n<\/div><\/div>\n\n\n\n<p><\/p>","protected":false},"excerpt":{"rendered":"<p>Tuesday,&nbsp; 21st October 16:00 &#8211; 18:00&nbsp;&nbsp; Registration and distribution of the conference materials Wednesday, 22nd October 09:00 &#8211; 10:00&nbsp;&nbsp; Registration and distribution of the conference materials 10:00 &#8211; 11:00&nbsp;&nbsp; Opening ceremony \u2610 &nbsp;&nbsp;TOPIC 1: Air quality management11:00 &#8211; 11:30 INVITED LECTURE: Marija Opa\u010dak Eror and Marijana Matek Sari\u0107: AIR PROTECTION AND SUSTAINABLE TOURISM DEVELOPMENT: A [&hellip;]<\/p>","protected":false},"author":2,"featured_media":0,"parent":0,"menu_order":0,"comment_status":"closed","ping_status":"closed","template":"","meta":{"footnotes":""},"class_list":["post-211","page","type-page","status-publish","hentry"],"_links":{"self":[{"href":"https:\/\/zastitazraka.imi.hr\/en\/wp-json\/wp\/v2\/pages\/211","targetHints":{"allow":["GET"]}}],"collection":[{"href":"https:\/\/zastitazraka.imi.hr\/en\/wp-json\/wp\/v2\/pages"}],"about":[{"href":"https:\/\/zastitazraka.imi.hr\/en\/wp-json\/wp\/v2\/types\/page"}],"author":[{"embeddable":true,"href":"https:\/\/zastitazraka.imi.hr\/en\/wp-json\/wp\/v2\/users\/2"}],"replies":[{"embeddable":true,"href":"https:\/\/zastitazraka.imi.hr\/en\/wp-json\/wp\/v2\/comments?post=211"}],"version-history":[{"count":0,"href":"https:\/\/zastitazraka.imi.hr\/en\/wp-json\/wp\/v2\/pages\/211\/revisions"}],"wp:attachment":[{"href":"https:\/\/zastitazraka.imi.hr\/en\/wp-json\/wp\/v2\/media?parent=211"}],"curies":[{"name":"wp","href":"https:\/\/api.w.org\/{rel}","templated":true}]}}